{"id":2,"date":"2017-10-06T14:40:25","date_gmt":"2017-10-06T12:40:25","guid":{"rendered":"http:\/\/reliance49.fr\/?page_id=2"},"modified":"2026-02-09T12:38:40","modified_gmt":"2026-02-09T11:38:40","slug":"mon-parcours-mes-valeurs-qui-suis-je-formation-diplomes","status":"publish","type":"page","link":"https:\/\/reliance49.fr\/?page_id=2","title":{"rendered":"Mon parcours, mes valeurs"},"content":{"rendered":"<p align=\"JUSTIFY\">L&rsquo;\u00e9coute, l&rsquo;accompagnement des personnes, des couples et des familles constitue le socle de mon parcours professionnel, un peu plus de trente ann\u00e9es de rencontres humaines. Voici quelques moments cl\u00e9s de mon parcours qui ont \u00e9t\u00e9 fondateurs d&rsquo;une pratique et d&rsquo;une \u00e9thique professionnelle :<\/p>\n<p align=\"JUSTIFY\">Form\u00e9e au D\u00e9veloppement social local avec Michel S\u00e9guier, j&rsquo;ai eu \u00e0 c\u0153ur d&rsquo;accompagner les personnes de tout horizon dans des projets collectifs pour mieux vivre ensemble dans les quartiers. Des projets ascendants pleins d&rsquo;utopie cr\u00e9atrice, au service d&rsquo;un d\u00e9veloppement solidaire, qui redonnent une place \u00e0 chacun dans sa singularit\u00e9.<\/p>\n<p align=\"JUSTIFY\">Puis\u00a0 la Syst\u00e9mie familiale est venue ouvrir une autre compr\u00e9hension des relations au sein d&rsquo;un \u00ab\u00a0syst\u00e8me\u00a0\u00bb (couple, famille, professionnel etc&#8230;) et\u00a0 des\u00a0 difficult\u00e9s rencontr\u00e9es par les personnes. Une approche qui am\u00e8ne \u00e0 regarder chacun dans son potentiel de ressources et de comp\u00e9tences en interaction avec l&rsquo;autre. Je me forme en psycho-g\u00e9n\u00e9alogie, je m&rsquo;int\u00e9resse particuli\u00e8rement aux transmissions familiales dans les choix professionnels et aux trajectoires de vie et professionnelles avec l&rsquo;approche syst\u00e9mique.<\/p>\n<p align=\"JUSTIFY\">Enfin, la rencontre avec la m\u00e9diation familiale, qui place l&rsquo;humain au c\u0153ur d&rsquo;un processus de libert\u00e9, de responsabilit\u00e9, de respect et d&rsquo;alt\u00e9rit\u00e9 : rencontrer l&rsquo;autre dans sa diff\u00e9rence, oser se dire et se diff\u00e9rencier, construire ensemble un chemin o\u00f9 chacun peut trouver sa place. M\u00e9diatrice familiale D.E. depuis 2007, j&rsquo;accompagne des couples et des familles en conflit, en difficult\u00e9 de communication \u00e0 renouer le dialogue dans cette place laiss\u00e9e \u00e0 chacun. Une rencontre inspirante celle de Claire Denis, du c\u00f4t\u00e9 de l&rsquo;Humain, de la d\u00e9mocratie, de la citoyennet\u00e9,\u00a0 reliant la philosophie \u00e0 une pratique \u00e9thique de la m\u00e9diation familiale.<\/p>\n<p align=\"JUSTIFY\">En 2017 je prends un cong\u00e9 sabbatique pour me poser et trouver une autre voie d&rsquo;accompagnement au plus pr\u00e8s de mes valeurs, et de ce que j&rsquo;aime faire.\u00a0 Je d\u00e9marre\u00a0 une activit\u00e9 lib\u00e9rale \u00e0 la rentr\u00e9e 2017, au menu de la m\u00e9diation familiale et de l&rsquo;accompagnement des transitions professionnelles. La question des liens familiaux est transversale \u00e0 ma pratique : se relier \u00e0 soi, \u00e0 sa famille pour se d\u00e9finir et se diff\u00e9rencier et se sentir libre d&rsquo;aller vers ses projets de vie &#8211; retrouver une libert\u00e9 de choix pour se sentir \u00e0 sa place.<\/p>\n<p align=\"JUSTIFY\">Puis je me forme \u00e0 la pratique du bilan de comp\u00e9tences et du bilan d&rsquo;orientation pour les jeunes pour \u00e9toffer mes outils d&rsquo;accompagnement tout en maintenant mon approche personnelle, celle qui m&rsquo;anime et qui est le fruit de mon parcours.<\/p>\n<p align=\"JUSTIFY\">Depuis octobre 2021 je pratique la m\u00e9diation familiale au sein de l&rsquo;UDAF49 et je consacre pleinement mon activit\u00e9 lib\u00e9rale \u00e0 l&rsquo;accompagnement des questionnements d&rsquo;orientation, de reconversion professionnelle dans la complexit\u00e9 des parcours et des probl\u00e9matiques de choix professionnels. Ce qui m&rsquo;inspire \u00e0 travers cette pratique, c&rsquo;est la rencontre avec soi-m\u00eame, mieux se conna\u00eetre pour faire ses propres choix, suivre son chemin propre. C&rsquo;est un processus qui redonne confiance en soi, en la vie.\u00a0<\/p>\n<p align=\"JUSTIFY\">En 2023, je souhaite \u00e9largir mes propositions d&rsquo;accompagnement et proposer de nouveaux outils de connaissance de soi comme un fil rouge pour s&rsquo;aligner avec soi-m\u00eame. Je d\u00e9marre en octobre 2023 un cycle de formation de 2 ans aupr\u00e8s de l&rsquo;\u00e9cole de Georges Colleuil du R\u00e9f\u00e9rentiel de Naissance \u00ae, m\u00e9thode de connaissance de soi et de d\u00e9veloppement personnel qui utilise le langage symbolique. Certifi\u00e9e en juillet 2025 praticienne du R\u00e9f\u00e9rentiel de Naissance \u00ae,\u00a0<\/p>\n<p align=\"JUSTIFY\">Je ne cesse de me former pour me nourrir, apprendre, d\u00e9couvrir, grandir et \u00e9galement d\u00e9nouer ce qui pour moi-m\u00eame bloque mon \u00e9volution et le d\u00e9ploiement de mes potentiels, de mes aspirations\u00a0 et ainsi ouvrir plus grand les espaces d&rsquo;accompagnement que je propose.<\/p>\n<p align=\"JUSTIFY\">(tableau de mes formations)<\/p>\n<h6>Ce qui m&rsquo;inspire :<\/h6>\n<p>Femme de liens, je suis curieuse de l&rsquo;autre, les rencontres m&rsquo;enrichissent et m&rsquo;ouvrent au diff\u00e9rent, au nouveau.\u00a0 J &lsquo;aime cr\u00e9er du lien et de la vie avec les personnes et entre elles. J&rsquo;aime ce lien qui nous relie d&rsquo;humain \u00e0 humain tout simplement. Je suis touch\u00e9e par cette \u00e9tincelle de vie dans les regards qui s&rsquo;allume \u00e0 nouveau&#8230;Ce qui m&rsquo;inspire et qui est mon moteur :<\/p>\n<ul>\n<li>\n<p align=\"JUSTIFY\">la rencontre humaine tout simplement, la confiance dans une rencontre vraie, authentique, \u00eatre soi\u00a0<\/p>\n<\/li>\n<li>\n<p align=\"JUSTIFY\">Une posture professionnelle qui fait \u00e9merger et s\u2019appuie sur les comp\u00e9tences de chacun, qui soutient sa capacit\u00e9 d\u2019agir et de d\u00e9cider<\/p>\n<\/li>\n<li>\n<p align=\"JUSTIFY\">Une confiance dans les richesses de la personne humaine, dans sa capacit\u00e9 d\u2019\u00e9volution et de transformation tout au long de sa vie<\/p>\n<\/li>\n<\/ul>\n<p align=\"JUSTIFY\">Forte de cette exp\u00e9rience, je souhaite vous accueillir dans un espace d\u2019\u00e9coute, de confiance, et de bienveillance pour permettre \u00e0 chacun d\u2019aller librement vers son projet de vie, de trouver son alignement, d&rsquo;\u00eatre un peu plus soi pleinement chaque jour et d&rsquo;avancer sur son chemin propre o\u00f9 tout peut s&rsquo;ouvrir et se d\u00e9ployer. Gratitude.<\/p>\n<h6 align=\"JUSTIFY\">CORPS &#8211; MOUVEMENT ET DANSE<\/h6>\n<p align=\"JUSTIFY\"><span style=\"font-size: revert;\">Un fil pour se relier \u00e0 soi et s&rsquo;ouvrir au monde&#8230;.le mouvement c&rsquo;est la vie&#8230;Je danse et je vis&#8230;.la danse une voie d&rsquo;expression, de cr\u00e9ation et de partage, elle me donne l&rsquo;\u00e9lan de plonger au coeur de la vie. La danse fait partie de ma vie depuis toujours, au d\u00e9but je regardais les autres danser avec toute la vie qui s&rsquo;invitait et la peur d&rsquo;y entrer. J&rsquo;ai commenc\u00e9 \u00e0 entrer dans la danse pleinement en 1993 avec les danses d&rsquo;Europe de l&rsquo;est qui se dansent en cercle, j&rsquo;ai rencontr\u00e9 une joie immense et depuis je ne peux m&rsquo;arr\u00eater de danser&#8230;Puis \u00e0 partir de 1998,\u00a0 du traditionnel au contemporain par le sacr\u00e9 de la danse, une voie propos\u00e9e par <\/span><a style=\"font-size: revert;\" href=\"https:\/\/dansessacrees-genevievekhemtemourian.fr\/\">Genevi\u00e8ve Khemt\u00e9mourian, <\/a><span style=\"font-size: revert;\">\u00a0je mets de la conscience dans le mouvement, le geste, qui me relie \u00e0 moi, aux autres, \u00e0 une culture . Puis \u00e0 partir de 2010 c&rsquo;est avec la danse Flamenca que propose Julie Mansion Par\u00e9 que je me relie \u00e0 ma verticalit\u00e9 pour d\u00e9ployer un peu plus mes ailes, apprendre \u00e0 suivre mon rythme int\u00e9rieur : une approche psycho corporelle pour mettre un peu plus de soi dans sa vie. Et &#8230;je m&rsquo;envole avec joie chaque \u00e9t\u00e9 en Ard\u00e8che pour rejoindre <\/span>\u00ab\u00a0les danses de la vie\u00a0\u00bb<span style=\"font-size: revert;\"> que propose <\/span><a href=\"_wp_link_placeholder\" data-wplink-edit=\"true\">Gladys Monnier Baechler et cette ann\u00e9e stage \u00e0 Angers en f\u00e9vrier 2026 !www.dansesdelavie.ch<\/a><\/p>\n<p align=\"JUSTIFY\"><img loading=\"lazy\" decoding=\"async\" class=\"alignnone  wp-image-1237\" src=\"http:\/\/reliance49.fr\/wp-content\/uploads\/2024\/07\/IMG_20240704_222349-300x275.jpg\" alt=\"\" width=\"202\" height=\"185\" srcset=\"https:\/\/reliance49.fr\/wp-content\/uploads\/2024\/07\/IMG_20240704_222349-300x275.jpg 300w, https:\/\/reliance49.fr\/wp-content\/uploads\/2024\/07\/IMG_20240704_222349-1024x938.jpg 1024w, https:\/\/reliance49.fr\/wp-content\/uploads\/2024\/07\/IMG_20240704_222349-768x704.jpg 768w, https:\/\/reliance49.fr\/wp-content\/uploads\/2024\/07\/IMG_20240704_222349-1536x1407.jpg 1536w, https:\/\/reliance49.fr\/wp-content\/uploads\/2024\/07\/IMG_20240704_222349-2048x1876.jpg 2048w\" sizes=\"(max-width: 202px) 100vw, 202px\" \/><\/p>\n\n<div class=\"frm_forms  with_frm_style frm_style_style-formidable\" id=\"frm_form_1_container\" >\n<form enctype=\"multipart\/form-data\" method=\"post\" class=\"frm-show-form \" id=\"form_contact-form\"  >\n<div class=\"frm_form_fields \">\n<fieldset>\n<legend class=\"frm_screen_reader\">Me Contacter<\/legend>\r\n<h3 class=\"frm_form_title\">Me Contacter<\/h3>\r\n<div class=\"frm_fields_container\">\n<input type=\"hidden\" name=\"frm_action\" value=\"create\" \/>\n<input type=\"hidden\" name=\"form_id\" value=\"1\" \/>\n<input type=\"hidden\" name=\"frm_hide_fields_1\" id=\"frm_hide_fields_1\" value=\"\" \/>\n<input type=\"hidden\" name=\"form_key\" value=\"contact-form\" \/>\n<input type=\"hidden\" name=\"item_meta[0]\" value=\"\" \/>\n<input type=\"hidden\" id=\"frm_submit_entry_1\" name=\"frm_submit_entry_1\" value=\"7d1589cece\" \/><input type=\"hidden\" name=\"_wp_http_referer\" value=\"\/index.php?rest_route=%2Fwp%2Fv2%2Fpages%2F2\" \/><div id=\"frm_field_1_container\" class=\"frm_form_field form-field  frm_required_field frm_top_container frm_first frm_half\">\r\n\t<label for=\"field_qh4icy\" id=\"field_qh4icy_label\" class=\"frm_primary_label\">\r\n\t\t<span class=\"frm_required\" aria-hidden=\"true\">*<\/span>\r\n\t<\/label>\r\n\t<input type=\"text\" id=\"field_qh4icy\" name=\"item_meta[1]\" value=\"\"  placeholder=\"Pr\u00e9nom\" data-reqmsg=\"Ce champ ne peut pas \u00eatre vide.\" aria-required=\"true\" data-invmsg=\"Ce champ est non valide\" aria-invalid=\"false\"   aria-describedby=\"frm_desc_field_qh4icy\"\/>\r\n\t<div class=\"frm_description\" id=\"frm_desc_field_qh4icy\">\r\n<\/div>\r\n\t\r\n<\/div>\n<div id=\"frm_field_2_container\" class=\"frm_form_field form-field  frm_required_field frm_hidden_container frm_half\">\r\n\t<label for=\"field_ocfup1\" id=\"field_ocfup1_label\" class=\"frm_primary_label\">\r\n\t\t<span class=\"frm_required\" aria-hidden=\"true\">*<\/span>\r\n\t<\/label>\r\n\t<input type=\"text\" id=\"field_ocfup1\" name=\"item_meta[2]\" value=\"\"  placeholder=\"Nom\" data-reqmsg=\"Ce champ ne peut pas \u00eatre vide.\" aria-required=\"true\" data-invmsg=\"Ce champ est non valide\" aria-invalid=\"false\"  \/>\r\n\t\r\n\t\r\n<\/div>\n<div id=\"frm_field_3_container\" class=\"frm_form_field form-field  frm_required_field frm_top_container frm_full\">\r\n\t<label for=\"field_29yf4d\" id=\"field_29yf4d_label\" class=\"frm_primary_label\">\r\n\t\t<span class=\"frm_required\" aria-hidden=\"true\">*<\/span>\r\n\t<\/label>\r\n\t<input type=\"email\" id=\"field_29yf4d\" name=\"item_meta[3]\" value=\"\"  placeholder=\"Adresse mail\" data-reqmsg=\"Ce champ ne peut pas \u00eatre vide.\" aria-required=\"true\" data-invmsg=\"Please enter a valid email address\" aria-invalid=\"false\"  \/>\r\n\t\r\n\t\r\n<\/div>\n<div id=\"frm_field_7_container\" class=\"frm_form_field form-field  frm_top_container\">\r\n\t<label for=\"field_xtft1\" id=\"field_xtft1_label\" class=\"frm_primary_label\">\r\n\t\t<span class=\"frm_required\" aria-hidden=\"true\"><\/span>\r\n\t<\/label>\r\n\t<input type=\"tel\" id=\"field_xtft1\" name=\"item_meta[7]\" value=\"\"  placeholder=\"T\u00e9l\u00e9phone (Optionnel)\" data-invmsg=\"Ce champ est non valide\" aria-invalid=\"false\" pattern=\"((\\+\\d{1,3}(-|.| )?\\(?\\d\\)?(-| |.)?\\d{1,5})|(\\(?\\d{2,6}\\)?))(-|.| )?(\\d{3,4})(-|.| )?(\\d{4})(( x| ext)\\d{1,5}){0,1}$\"  \/>\r\n\t\r\n\t\r\n<\/div>\n<div id=\"frm_field_4_container\" class=\"frm_form_field form-field  frm_required_field frm_top_container frm_full\">\r\n\t<label for=\"field_e6lis6\" id=\"field_e6lis6_label\" class=\"frm_primary_label\">\r\n\t\t<span class=\"frm_required\" aria-hidden=\"true\">*<\/span>\r\n\t<\/label>\r\n\t<input type=\"text\" id=\"field_e6lis6\" name=\"item_meta[4]\" value=\"\"  placeholder=\"Objet\" data-reqmsg=\"Ce champ ne peut pas \u00eatre vide.\" aria-required=\"true\" data-invmsg=\"Ce champ est non valide\" aria-invalid=\"false\"  \/>\r\n\t\r\n\t\r\n<\/div>\n<div id=\"frm_field_5_container\" class=\"frm_form_field form-field  frm_required_field frm_top_container frm_full\">\r\n\t<label for=\"field_9jv0r1\" id=\"field_9jv0r1_label\" class=\"frm_primary_label\">\r\n\t\t<span class=\"frm_required\" aria-hidden=\"true\">*<\/span>\r\n\t<\/label>\r\n\t<textarea name=\"item_meta[5]\" id=\"field_9jv0r1\" rows=\"5\"  placeholder=\"Tapez ici...\" data-reqmsg=\"Ce champ ne peut pas \u00eatre vide.\" aria-required=\"true\" data-invmsg=\"Ce champ est non valide\" aria-invalid=\"false\"  ><\/textarea>\r\n\t\r\n\t\r\n<\/div>\n<div id=\"frm_field_6_container\" class=\"frm_form_field form-field  frm_half\">\r\n\t<div class=\"frm_submit frm_flex\">\r\n<button class=\"frm_button_submit\" type=\"submit\"  >Envoyer<\/button>\r\n\r\n\r\n\r\n<\/div>\r\n<\/div>\n\t<input type=\"hidden\" name=\"item_key\" value=\"\" \/>\n\t\t\t\t<div class=\"frm__6687056ca84d5\">\n\t\t\t\t<label for=\"frm_email_1\" >\n\t\t\t\t\tSi vous \u00eates un humain, ne remplissez pas ce champ.\t\t\t\t<\/label>\n\t\t\t\t<input  id=\"frm_email_1\" type=\"text\" class=\"frm_verify\" name=\"frm__6687056ca84d5\" value=\"\" autocomplete=\"off\"  \/>\n\t\t\t<\/div>\n\t\t<\/div>\n<\/fieldset>\n<\/div>\n<\/form>\n<\/div>\n","protected":false},"excerpt":{"rendered":"<p>L&rsquo;\u00e9coute, l&rsquo;accompagnement des personnes, des couples et des familles constitue le socle de mon parcours professionnel, un peu plus de trente ann\u00e9es de rencontres humaines. Voici quelques moments cl\u00e9s de mon parcours qui ont \u00e9t\u00e9 fondateurs d&rsquo;une pratique et d&rsquo;une \u00e9thique professionnelle : Form\u00e9e au D\u00e9veloppement social local avec Michel S\u00e9guier, j&rsquo;ai eu \u00e0 c\u0153ur &hellip; <a href=\"https:\/\/reliance49.fr\/?page_id=2\" class=\"more-link\">Continuer la lecture de <span class=\"screen-reader-text\">Mon parcours, mes valeurs<\/span> <span class=\"meta-nav\">&rarr;<\/span><\/a><\/p>\n","protected":false},"author":1,"featured_media":1331,"parent":0,"menu_order":6,"comment_status":"closed","ping_status":"open","template":"","meta":{"footnotes":""},"yoast_head":"<!-- This site is optimized with the Yoast SEO plugin v17.1 - https:\/\/yoast.com\/wordpress\/plugins\/seo\/ -->\n<meta name=\"description\" content=\"mon int\u00e9r\u00eat pour chaque rencontre, une foi en l&#039;humain, pour se questionner, se mettre en mouvement et s&#039;aligner pour \u00eatre pleinement soi-m\u00eame\" \/>\n<meta name=\"robots\" content=\"index, follow, max-snippet:-1, max-image-preview:large, max-video-preview:-1\" \/>\n<link rel=\"canonical\" href=\"https:\/\/reliance49.fr\/?page_id=2\" \/>\n<meta property=\"og:locale\" content=\"fr_FR\" \/>\n<meta property=\"og:type\" content=\"article\" \/>\n<meta property=\"og:title\" content=\"Mon parcours - mes valeurs\" \/>\n<meta property=\"og:description\" content=\"mon int\u00e9r\u00eat pour chaque rencontre, une foi en l&#039;humain, pour se questionner, se mettre en mouvement et s&#039;aligner pour \u00eatre pleinement soi-m\u00eame\" \/>\n<meta property=\"og:url\" content=\"https:\/\/reliance49.fr\/?page_id=2\" \/>\n<meta property=\"og:site_name\" content=\"reliance49\" \/>\n<meta property=\"article:modified_time\" content=\"2026-02-09T11:38:40+00:00\" \/>\n<meta property=\"og:image\" content=\"http:\/\/reliance49.fr\/wp-content\/uploads\/2024\/08\/1000012331-scaled.jpg\" \/>\n\t<meta property=\"og:image:width\" content=\"2560\" \/>\n\t<meta property=\"og:image:height\" content=\"1928\" \/>\n<meta name=\"twitter:card\" content=\"summary_large_image\" \/>\n<meta name=\"twitter:label1\" content=\"Dur\u00e9e de lecture est.\" \/>\n\t<meta name=\"twitter:data1\" content=\"4 minutes\" \/>\n<script type=\"application\/ld+json\" class=\"yoast-schema-graph\">{\"@context\":\"https:\/\/schema.org\",\"@graph\":[{\"@type\":\"WebSite\",\"@id\":\"https:\/\/reliance49.fr\/#website\",\"url\":\"https:\/\/reliance49.fr\/\",\"name\":\"reliance49\",\"description\":\"orientation scolaire et professionnelle \",\"potentialAction\":[{\"@type\":\"SearchAction\",\"target\":{\"@type\":\"EntryPoint\",\"urlTemplate\":\"https:\/\/reliance49.fr\/?s={search_term_string}\"},\"query-input\":\"required name=search_term_string\"}],\"inLanguage\":\"fr-FR\"},{\"@type\":\"ImageObject\",\"@id\":\"https:\/\/reliance49.fr\/?page_id=2#primaryimage\",\"inLanguage\":\"fr-FR\",\"url\":\"https:\/\/reliance49.fr\/wp-content\/uploads\/2024\/08\/1000012331-scaled.jpg\",\"contentUrl\":\"https:\/\/reliance49.fr\/wp-content\/uploads\/2024\/08\/1000012331-scaled.jpg\",\"width\":2560,\"height\":1928},{\"@type\":\"WebPage\",\"@id\":\"https:\/\/reliance49.fr\/?page_id=2#webpage\",\"url\":\"https:\/\/reliance49.fr\/?page_id=2\",\"name\":\"Mon parcours - mes valeurs\",\"isPartOf\":{\"@id\":\"https:\/\/reliance49.fr\/#website\"},\"primaryImageOfPage\":{\"@id\":\"https:\/\/reliance49.fr\/?page_id=2#primaryimage\"},\"datePublished\":\"2017-10-06T12:40:25+00:00\",\"dateModified\":\"2026-02-09T11:38:40+00:00\",\"description\":\"mon int\\u00e9r\\u00eat pour chaque rencontre, une foi en l'humain, pour se questionner, se mettre en mouvement et s'aligner pour \\u00eatre pleinement soi-m\\u00eame\",\"breadcrumb\":{\"@id\":\"https:\/\/reliance49.fr\/?page_id=2#breadcrumb\"},\"inLanguage\":\"fr-FR\",\"potentialAction\":[{\"@type\":\"ReadAction\",\"target\":[\"https:\/\/reliance49.fr\/?page_id=2\"]}]},{\"@type\":\"BreadcrumbList\",\"@id\":\"https:\/\/reliance49.fr\/?page_id=2#breadcrumb\",\"itemListElement\":[{\"@type\":\"ListItem\",\"position\":1,\"name\":\"Accueil\",\"item\":\"https:\/\/reliance49.fr\/\"},{\"@type\":\"ListItem\",\"position\":2,\"name\":\"Mon parcours, mes valeurs\"}]}]}<\/script>\n<!-- \/ Yoast SEO plugin. -->","yoast_head_json":{"description":"mon int\u00e9r\u00eat pour chaque rencontre, une foi en l'humain, pour se questionner, se mettre en mouvement et s'aligner pour \u00eatre pleinement soi-m\u00eame","robots":{"index":"index","follow":"follow","max-snippet":"max-snippet:-1","max-image-preview":"max-image-preview:large","max-video-preview":"max-video-preview:-1"},"canonical":"https:\/\/reliance49.fr\/?page_id=2","og_locale":"fr_FR","og_type":"article","og_title":"Mon parcours - mes valeurs","og_description":"mon int\u00e9r\u00eat pour chaque rencontre, une foi en l'humain, pour se questionner, se mettre en mouvement et s'aligner pour \u00eatre pleinement soi-m\u00eame","og_url":"https:\/\/reliance49.fr\/?page_id=2","og_site_name":"reliance49","article_modified_time":"2026-02-09T11:38:40+00:00","og_image":[{"width":2560,"height":1928,"filesize":1091151,"url":"http:\/\/reliance49.fr\/wp-content\/uploads\/2024\/08\/1000012331-scaled.jpg","path":"\/home\/reliancebp\/www\/wp-content\/uploads\/2024\/08\/1000012331-scaled.jpg","size":"full","id":1331,"alt":"","pixels":4935680,"type":"image\/jpeg"}],"twitter_card":"summary_large_image","twitter_misc":{"Dur\u00e9e de lecture est.":"4 minutes"},"schema":{"@context":"https:\/\/schema.org","@graph":[{"@type":"WebSite","@id":"https:\/\/reliance49.fr\/#website","url":"https:\/\/reliance49.fr\/","name":"reliance49","description":"orientation scolaire et professionnelle ","potentialAction":[{"@type":"SearchAction","target":{"@type":"EntryPoint","urlTemplate":"https:\/\/reliance49.fr\/?s={search_term_string}"},"query-input":"required name=search_term_string"}],"inLanguage":"fr-FR"},{"@type":"ImageObject","@id":"https:\/\/reliance49.fr\/?page_id=2#primaryimage","inLanguage":"fr-FR","url":"https:\/\/reliance49.fr\/wp-content\/uploads\/2024\/08\/1000012331-scaled.jpg","contentUrl":"https:\/\/reliance49.fr\/wp-content\/uploads\/2024\/08\/1000012331-scaled.jpg","width":2560,"height":1928},{"@type":"WebPage","@id":"https:\/\/reliance49.fr\/?page_id=2#webpage","url":"https:\/\/reliance49.fr\/?page_id=2","name":"Mon parcours - mes valeurs","isPartOf":{"@id":"https:\/\/reliance49.fr\/#website"},"primaryImageOfPage":{"@id":"https:\/\/reliance49.fr\/?page_id=2#primaryimage"},"datePublished":"2017-10-06T12:40:25+00:00","dateModified":"2026-02-09T11:38:40+00:00","description":"mon int\u00e9r\u00eat pour chaque rencontre, une foi en l'humain, pour se questionner, se mettre en mouvement et s'aligner pour \u00eatre pleinement soi-m\u00eame","breadcrumb":{"@id":"https:\/\/reliance49.fr\/?page_id=2#breadcrumb"},"inLanguage":"fr-FR","potentialAction":[{"@type":"ReadAction","target":["https:\/\/reliance49.fr\/?page_id=2"]}]},{"@type":"BreadcrumbList","@id":"https:\/\/reliance49.fr\/?page_id=2#breadcrumb","itemListElement":[{"@type":"ListItem","position":1,"name":"Accueil","item":"https:\/\/reliance49.fr\/"},{"@type":"ListItem","position":2,"name":"Mon parcours, mes valeurs"}]}]}},"_links":{"self":[{"href":"https:\/\/reliance49.fr\/index.php?rest_route=\/wp\/v2\/pages\/2"}],"collection":[{"href":"https:\/\/reliance49.fr\/index.php?rest_route=\/wp\/v2\/pages"}],"about":[{"href":"https:\/\/reliance49.fr\/index.php?rest_route=\/wp\/v2\/types\/page"}],"author":[{"embeddable":true,"href":"https:\/\/reliance49.fr\/index.php?rest_route=\/wp\/v2\/users\/1"}],"replies":[{"embeddable":true,"href":"https:\/\/reliance49.fr\/index.php?rest_route=%2Fwp%2Fv2%2Fcomments&post=2"}],"version-history":[{"count":95,"href":"https:\/\/reliance49.fr\/index.php?rest_route=\/wp\/v2\/pages\/2\/revisions"}],"predecessor-version":[{"id":1686,"href":"https:\/\/reliance49.fr\/index.php?rest_route=\/wp\/v2\/pages\/2\/revisions\/1686"}],"wp:featuredmedia":[{"embeddable":true,"href":"https:\/\/reliance49.fr\/index.php?rest_route=\/wp\/v2\/media\/1331"}],"wp:attachment":[{"href":"https:\/\/reliance49.fr\/index.php?rest_route=%2Fwp%2Fv2%2Fmedia&parent=2"}],"curies":[{"name":"wp","href":"https:\/\/api.w.org\/{rel}","templated":true}]}}