{"id":38,"date":"2017-10-06T18:05:01","date_gmt":"2017-10-06T16:05:01","guid":{"rendered":"http:\/\/reliance49.fr\/?page_id=38"},"modified":"2026-08-26T15:15:33","modified_gmt":"2026-08-26T13:15:33","slug":"orientation-reconversion-professionnelle","status":"publish","type":"page","link":"https:\/\/reliance49.fr\/","title":{"rendered":"Bienvenue !"},"content":{"rendered":"\n<h5 class=\"wp-block-heading has-medium-brown-color has-text-color has-link-color wp-elements-d80839f5492cc3892ccc0eea1617c2f7\">Mieux se conna\u00eetre pour faire les choix qui nous rassemblent et nous ressemblent.<\/h5>\n\n\n\n<pre class=\"wp-block-preformatted has-text-color has-link-color wp-elements-7fc278cc8b06f4d5909690f6de8cf7dc\" style=\"color:#602b2b\"><strong>Actualit\u00e9s<\/strong> : <strong>Et si l'\u00e9t\u00e9 \u00e9tait propice \u00e0 se poser et se rencontrer ?<br><\/strong><br><strong>Orientation Jeune <\/strong><br>Se poser sans pression avec une formule plus cr\u00e9ative : <a href=\"https:\/\/reliance49.fr\/wp-admin\/post.php?post=178&amp;action=edit\">l'Arbre de vie de son projet d'orientation<\/a>, \u00e7a vous dit ? 1 s\u00e9ance pour mieux se conna\u00eetre, gagner en clart\u00e9 et s\u00e9r\u00e9nit\u00e9 pour d\u00e9marrer une rentr\u00e9e plus en confiance.<br><br><strong>Mieux se conna\u00eetre \u00e0 l'aide de <\/strong><a href=\"https:\/\/reliance49.fr\/?page_id=1731\"><strong>son R\u00e9f\u00e9rentiel de Naissance\u00ae<\/strong> <\/a>: un format de deux s\u00e9ances pour explorer l'ensemble de son R\u00e9f\u00e9rentiel, partez \u00e0 la rencontre de vous-m\u00eame !<\/pre>\n\n\n\n<p><span style=\"color: #602b2b;\"><strong>Accompagner les choix d&rsquo;orientation et les choix professionnels<\/strong>, c&rsquo;est aller \u00e0 la rencontre de chacun, au c\u0153ur de l&rsquo;humain qui ne cesse de me passionner. Je m&rsquo;int\u00e9resse particuli\u00e8rement aux probl\u00e9matiques de choix, aux complexit\u00e9s de parcours, comment retrouver le chemin vers ce qui nous rend unique ? <\/span><\/p>\n\n\n\n<p class=\"has-text-color has-link-color wp-elements-535948d74cd551e120a06c7d3b8c6ea4\" style=\"color:#b38e5d\"><span style=\"color: #602b2b;\">Trouver sa voie est une chose &#8211; \u00e0 travers ce qu&rsquo;on aime faire, ce qui nous anime, ce qui a du sens et nous fait sentir \u00e0 notre place, pleinement vivant &#8211; mais choisir son orientation, d\u00e9cider et s&rsquo;engager dans une nouvelle voie en est une autre : Quels sont les vrais choix qui nous appartiennent et quels sont les choix que nous avons subis ? Qu&rsquo;y a t&rsquo;il \u00e0 \u00e9clairer et d\u00e9nouer pour retrouver le chemin de ses choix propres ?<\/span> <\/p>\n\n\n\n<p class=\"has-text-color has-link-color wp-elements-6897549c7438106def61a2b3779c084f\" style=\"color:#602b2b\"><span style=\"color: #2e5aa6;\"><strong>Vous accompagner dans vos transitions professionnelles<\/strong> avec <a href=\"https:\/\/reliance49.fr\/wp-admin\/post.php?post=39&amp;action=edit\">un bilan d&rsquo;orientation professionnelle<\/a> : vous \u00eates en p\u00e9riode de questionnement professionnel, d\u2019envie de changement, de reconversion professionnelle,&nbsp; vous souhaitez retrouver de la coh\u00e9rence et du sens dans votre vie professionnelle,&nbsp; vous sentir plus en accord avec vous m\u00eame,&nbsp; je vous accompagne<strong> <\/strong>\u00e0 clarifier vos choix&nbsp; professionnels et d\u00e9finir un nouveau projet professionnel<\/span>.<\/p>\n\n\n\n<p class=\"has-text-color has-link-color wp-elements-35bda6719ebbbc01d889b55274ce0fda\" style=\"color:#602b2b\"><span style=\"color: #2e5aa6;\"><strong>Accompagner chaque jeune dans ses choix d&rsquo;orientation<\/strong> avec<a href=\"https:\/\/reliance49.fr\/wp-admin\/post.php?post=408&amp;action=edit\"> un bilan d&rsquo;orientation jeune : <\/a><a style=\"color: #2e5aa6;\" href=\"http:\/\/reliance49.fr\/?page_id=408\">c<\/a>omment trouver sa place, son orientation ? Mieux se conna\u00eetre, une \u00e9tape n\u00e9cessaire pour prendre confiance en soi et&nbsp; faire ses premiers choix d&rsquo;orientation&nbsp; pour s&rsquo;\u00e9panouir et d\u00e9ployer pleinement son potentiel !<\/span><\/p>\n\n\n\n<pre class=\"wp-block-preformatted has-text-color has-link-color wp-elements-13944479d9301c87e71025d21362ba54\" style=\"color:#602b2b\"><span style=\"color: #2e5aa6;\"><strong>CONNAISSANCE DE SOI<\/strong> : j'aime aussi proposer des espaces de connaissance de soi et accompagner chacun avec bienveillance, \u00e0 se rassembler, se r\u00e9v\u00e9ler et ouvrir de nouveaux possibles. <\/span><br><span style=\"color: #2e5aa6;\">Je vous propose des <a href=\"https:\/\/reliance49.fr\/?page_id=701\">outils de connaissance de soi<\/a> \u00e0 la carte, en s\u00e9ance individuelle ou en groupe sur des th\u00e9matiques qui me tiennent \u00e0 c\u0153ur, en voici quelques uns :<br>-<a href=\"https:\/\/reliance49.fr\/?page_id=701\">se rencontrer dans ses valeurs<\/a>, pour identifier ce qui a besoin d'\u00eatre nourri fondamentalement pour chacun d'entre nous dans son travail et qui donne du sens \u00e0 sa vie professionnelle<br>-<a href=\"https:\/\/reliance49.fr\/?page_id=701\">r\u00e9aliser son blason familial des valeurs li\u00e9es au travail<\/a>, pour rep\u00e9rer les transmissions familiales et identifier sa singularit\u00e9<br>-<a href=\"https:\/\/reliance49.fr\/?page_id=701\">r\u00e9aliser son arbre de vie<\/a> : pour donner du sens \u00e0 son parcours, faire \u00e9merger ses ressources, ses comp\u00e9tences, identifier ses besoins fondamentaux, se projeter dans l'avenir vers des projets source de sens, d'espoir et de vitalit\u00e9<br>-<a href=\"https:\/\/reliance49.fr\/?page_id=701\">d\u00e9coder ses pr\u00e9noms et nom<\/a> pour identifier les empreintes cach\u00e9es et les ressources \u00e0 disposition, qui y a t-il derri\u00e8re les lettres ? \"le nom porte une m\u00e9moire, le pr\u00e9nom porte un projet\" Marc-Alain Ouaknin. <\/span><br>- <span style=\"color: #2e5aa6;\">mieux se conna\u00eetre \u00e0 travers son <a href=\"https:\/\/reliance49.fr\/?page_id=1731\">R\u00e9f\u00e9rentiel de Naissance\u00ae<\/a>, v\u00e9ritable support d'introspection, de questionnement pour explorer une probl\u00e9matique, r\u00e9soudre un conflit mais aussi activer de nouvelles ressources d\u00e9j\u00e0 l\u00e0 en nous mais parfois verrouill\u00e9es ou en attente... Cette m\u00e9thode nous questionne sur le sens de notre existence, elle nous aide \u00e0 trouver notre place et \u00e0 nous connecter avec ce qui nous anime.<\/span><\/pre>\n\n\n\n<p><span style=\"color: #2e5aa6;\">Au plaisir de vous rencontrer et de cheminer ensemble !&nbsp;<\/span><\/p>\n\n\n\n<figure class=\"wp-block-image size-full is-resized\"><img loading=\"lazy\" decoding=\"async\" width=\"2560\" height=\"1707\" src=\"http:\/\/reliance49.fr\/wp-content\/uploads\/2022\/09\/IMG_2239-scaled.jpg\" alt=\"\" class=\"wp-image-1036\" style=\"aspect-ratio:1.5;width:638px;height:auto\" srcset=\"https:\/\/reliance49.fr\/wp-content\/uploads\/2022\/09\/IMG_2239-scaled.jpg 2560w, https:\/\/reliance49.fr\/wp-content\/uploads\/2022\/09\/IMG_2239-300x200.jpg 300w, https:\/\/reliance49.fr\/wp-content\/uploads\/2022\/09\/IMG_2239-1024x683.jpg 1024w, https:\/\/reliance49.fr\/wp-content\/uploads\/2022\/09\/IMG_2239-768x512.jpg 768w, https:\/\/reliance49.fr\/wp-content\/uploads\/2022\/09\/IMG_2239-1536x1024.jpg 1536w, https:\/\/reliance49.fr\/wp-content\/uploads\/2022\/09\/IMG_2239-2048x1365.jpg 2048w\" sizes=\"(max-width: 2560px) 100vw, 2560px\" \/><\/figure>\n\n\n\n<p class=\"has-text-color has-link-color wp-elements-1d245eec412ea029e28efacdc48e4988\" style=\"color:#602b2b\">Logo et identit\u00e9 visuelle cr\u00e9\u00e9s par Malo Pulinx 2024.<br><\/p>\n","protected":false},"excerpt":{"rendered":"<p>Mieux se conna\u00eetre pour faire les choix qui nous rassemblent et nous ressemblent. Actualit\u00e9s : Et si l&rsquo;\u00e9t\u00e9 \u00e9tait propice \u00e0 se poser et se rencontrer ?Orientation Jeune Se poser sans pression avec une formule plus cr\u00e9ative : l&rsquo;Arbre de vie de son projet d&rsquo;orientation, \u00e7a vous dit ? 1 s\u00e9ance pour mieux se conna\u00eetre, &hellip; <a href=\"https:\/\/reliance49.fr\/\" class=\"more-link\">Continuer la lecture de <span class=\"screen-reader-text\">Bienvenue !<\/span> <span class=\"meta-nav\">&rarr;<\/span><\/a><\/p>\n","protected":false},"author":1,"featured_media":760,"parent":0,"menu_order":0,"comment_status":"closed","ping_status":"closed","template":"","meta":{"footnotes":""},"yoast_head":"<!-- This site is optimized with the Yoast SEO plugin v17.1 - https:\/\/yoast.com\/wordpress\/plugins\/seo\/ -->\n<meta name=\"description\" content=\"orientation reconversion professionnelle - transitions de vie et choix professionnels - communication et relations\" \/>\n<meta name=\"robots\" content=\"index, follow, max-snippet:-1, max-image-preview:large, max-video-preview:-1\" \/>\n<link rel=\"canonical\" href=\"https:\/\/reliance49.fr\/\" \/>\n<meta property=\"og:locale\" content=\"fr_FR\" \/>\n<meta property=\"og:type\" content=\"article\" \/>\n<meta property=\"og:title\" content=\"Orientation scolaire et professionnelle - Reconversion professionnelle - 49\" \/>\n<meta property=\"og:description\" content=\"orientation reconversion professionnelle - transitions de vie et choix professionnels - communication et relations\" \/>\n<meta property=\"og:url\" content=\"https:\/\/reliance49.fr\/\" \/>\n<meta property=\"og:site_name\" content=\"reliance49\" \/>\n<meta property=\"article:modified_time\" content=\"2026-08-26T13:15:33+00:00\" \/>\n<meta property=\"og:image\" content=\"http:\/\/reliance49.fr\/wp-content\/uploads\/2022\/01\/P1010166-scaled.jpg\" \/>\n\t<meta property=\"og:image:width\" content=\"2560\" \/>\n\t<meta property=\"og:image:height\" content=\"1707\" \/>\n<meta name=\"twitter:card\" content=\"summary_large_image\" \/>\n<meta name=\"twitter:label1\" content=\"Dur\u00e9e de lecture est.\" \/>\n\t<meta name=\"twitter:data1\" content=\"3 minutes\" \/>\n<script type=\"application\/ld+json\" class=\"yoast-schema-graph\">{\"@context\":\"https:\/\/schema.org\",\"@graph\":[{\"@type\":\"WebSite\",\"@id\":\"https:\/\/reliance49.fr\/#website\",\"url\":\"https:\/\/reliance49.fr\/\",\"name\":\"reliance49\",\"description\":\"orientation scolaire et professionnelle \",\"potentialAction\":[{\"@type\":\"SearchAction\",\"target\":{\"@type\":\"EntryPoint\",\"urlTemplate\":\"https:\/\/reliance49.fr\/?s={search_term_string}\"},\"query-input\":\"required name=search_term_string\"}],\"inLanguage\":\"fr-FR\"},{\"@type\":\"ImageObject\",\"@id\":\"https:\/\/reliance49.fr\/#primaryimage\",\"inLanguage\":\"fr-FR\",\"url\":\"https:\/\/reliance49.fr\/wp-content\/uploads\/2022\/01\/P1010166-scaled.jpg\",\"contentUrl\":\"https:\/\/reliance49.fr\/wp-content\/uploads\/2022\/01\/P1010166-scaled.jpg\",\"width\":2560,\"height\":1707},{\"@type\":\"WebPage\",\"@id\":\"https:\/\/reliance49.fr\/#webpage\",\"url\":\"https:\/\/reliance49.fr\/\",\"name\":\"Orientation scolaire et professionnelle - Reconversion professionnelle - 49\",\"isPartOf\":{\"@id\":\"https:\/\/reliance49.fr\/#website\"},\"primaryImageOfPage\":{\"@id\":\"https:\/\/reliance49.fr\/#primaryimage\"},\"datePublished\":\"2017-10-06T16:05:01+00:00\",\"dateModified\":\"2026-08-26T13:15:33+00:00\",\"description\":\"orientation reconversion professionnelle - transitions de vie et choix professionnels - communication et relations\",\"breadcrumb\":{\"@id\":\"https:\/\/reliance49.fr\/#breadcrumb\"},\"inLanguage\":\"fr-FR\",\"potentialAction\":[{\"@type\":\"ReadAction\",\"target\":[\"https:\/\/reliance49.fr\/\"]}]},{\"@type\":\"BreadcrumbList\",\"@id\":\"https:\/\/reliance49.fr\/#breadcrumb\",\"itemListElement\":[{\"@type\":\"ListItem\",\"position\":1,\"name\":\"Accueil\",\"item\":\"https:\/\/reliance49.fr\/\"},{\"@type\":\"ListItem\",\"position\":2,\"name\":\"Bienvenue !\"}]}]}<\/script>\n<!-- \/ Yoast SEO plugin. -->","yoast_head_json":{"description":"orientation reconversion professionnelle - transitions de vie et choix professionnels - communication et relations","robots":{"index":"index","follow":"follow","max-snippet":"max-snippet:-1","max-image-preview":"max-image-preview:large","max-video-preview":"max-video-preview:-1"},"canonical":"https:\/\/reliance49.fr\/","og_locale":"fr_FR","og_type":"article","og_title":"Orientation scolaire et professionnelle - Reconversion professionnelle - 49","og_description":"orientation reconversion professionnelle - transitions de vie et choix professionnels - communication et relations","og_url":"https:\/\/reliance49.fr\/","og_site_name":"reliance49","article_modified_time":"2026-08-26T13:15:33+00:00","og_image":[{"width":2560,"height":1707,"url":"http:\/\/reliance49.fr\/wp-content\/uploads\/2022\/01\/P1010166-scaled.jpg","path":"\/home\/reliancebp\/www\/wp-content\/uploads\/2022\/01\/P1010166-scaled.jpg","size":"full","id":760,"alt":"","pixels":4369920,"type":"image\/jpeg"}],"twitter_card":"summary_large_image","twitter_misc":{"Dur\u00e9e de lecture est.":"3 minutes"},"schema":{"@context":"https:\/\/schema.org","@graph":[{"@type":"WebSite","@id":"https:\/\/reliance49.fr\/#website","url":"https:\/\/reliance49.fr\/","name":"reliance49","description":"orientation scolaire et professionnelle ","potentialAction":[{"@type":"SearchAction","target":{"@type":"EntryPoint","urlTemplate":"https:\/\/reliance49.fr\/?s={search_term_string}"},"query-input":"required name=search_term_string"}],"inLanguage":"fr-FR"},{"@type":"ImageObject","@id":"https:\/\/reliance49.fr\/#primaryimage","inLanguage":"fr-FR","url":"https:\/\/reliance49.fr\/wp-content\/uploads\/2022\/01\/P1010166-scaled.jpg","contentUrl":"https:\/\/reliance49.fr\/wp-content\/uploads\/2022\/01\/P1010166-scaled.jpg","width":2560,"height":1707},{"@type":"WebPage","@id":"https:\/\/reliance49.fr\/#webpage","url":"https:\/\/reliance49.fr\/","name":"Orientation scolaire et professionnelle - Reconversion professionnelle - 49","isPartOf":{"@id":"https:\/\/reliance49.fr\/#website"},"primaryImageOfPage":{"@id":"https:\/\/reliance49.fr\/#primaryimage"},"datePublished":"2017-10-06T16:05:01+00:00","dateModified":"2026-08-26T13:15:33+00:00","description":"orientation reconversion professionnelle - transitions de vie et choix professionnels - communication et relations","breadcrumb":{"@id":"https:\/\/reliance49.fr\/#breadcrumb"},"inLanguage":"fr-FR","potentialAction":[{"@type":"ReadAction","target":["https:\/\/reliance49.fr\/"]}]},{"@type":"BreadcrumbList","@id":"https:\/\/reliance49.fr\/#breadcrumb","itemListElement":[{"@type":"ListItem","position":1,"name":"Accueil","item":"https:\/\/reliance49.fr\/"},{"@type":"ListItem","position":2,"name":"Bienvenue !"}]}]}},"_links":{"self":[{"href":"https:\/\/reliance49.fr\/index.php?rest_route=\/wp\/v2\/pages\/38"}],"collection":[{"href":"https:\/\/reliance49.fr\/index.php?rest_route=\/wp\/v2\/pages"}],"about":[{"href":"https:\/\/reliance49.fr\/index.php?rest_route=\/wp\/v2\/types\/page"}],"author":[{"embeddable":true,"href":"https:\/\/reliance49.fr\/index.php?rest_route=\/wp\/v2\/users\/1"}],"replies":[{"embeddable":true,"href":"https:\/\/reliance49.fr\/index.php?rest_route=%2Fwp%2Fv2%2Fcomments&post=38"}],"version-history":[{"count":223,"href":"https:\/\/reliance49.fr\/index.php?rest_route=\/wp\/v2\/pages\/38\/revisions"}],"predecessor-version":[{"id":1880,"href":"https:\/\/reliance49.fr\/index.php?rest_route=\/wp\/v2\/pages\/38\/revisions\/1880"}],"wp:featuredmedia":[{"embeddable":true,"href":"https:\/\/reliance49.fr\/index.php?rest_route=\/wp\/v2\/media\/760"}],"wp:attachment":[{"href":"https:\/\/reliance49.fr\/index.php?rest_route=%2Fwp%2Fv2%2Fmedia&parent=38"}],"curies":[{"name":"wp","href":"https:\/\/api.w.org\/{rel}","templated":true}]}}