{"id":408,"date":"2020-09-10T15:35:12","date_gmt":"2020-09-10T13:35:12","guid":{"rendered":"http:\/\/reliance49.fr\/?page_id=408"},"modified":"2026-02-16T11:42:13","modified_gmt":"2026-02-16T10:42:13","slug":"bilan-dorientation-scolaire","status":"publish","type":"page","link":"https:\/\/reliance49.fr\/?page_id=408","title":{"rendered":"Bilan d&rsquo;Orientation jeune"},"content":{"rendered":"<p><span style=\"color: #2e5aa6;\"><span style=\"color: #602b2b;\"><strong>La d\u00e9marche du bilan d\u2019orientation<\/strong>\u00a0<\/span>que je propose s\u2019appuie sur la m\u00e9thode R\u00e9flexive qui invite chaque jeune \u00e0 l\u2019analyse, la r\u00e9flexion, \u00e0 se projeter, \u00e0 d\u00e9velopper sa capacit\u00e9 d\u2019agir. Elle n\u00e9cessite l\u2019implication pleine et enti\u00e8re de la personne. Mon r\u00f4le est d\u2019accompagner et de soutenir chaque jeune pour qu\u2019il puisse faire ses propres choix de fa\u00e7on libre et \u00e9clair\u00e9e, je m\u2019engage \u00e0 ses c\u00f4t\u00e9s dans toutes les explorations \u00e0 mener. C\u2019est un processus qui permet de mieux se conna\u00eetre et d\u00e9veloppe ainsi la confiance en soi, en ses propres potentialit\u00e9s, ses ressources et renforce sa capacit\u00e9 de choix et de d\u00e9cision.<\/span><\/p>\n<p><span style=\"color: #2e5aa6;\">Avant tout engagement ensemble, <strong><span style=\"color: #602b2b;\">une rencontre pr\u00e9alable<\/span><\/strong> avec le jeune seul ou avec ses parents permet de faire connaissance, de pr\u00e9senter ma d\u00e9marche et d\u2019entendre la demande et les pr\u00e9occupations singuli\u00e8res de chaque jeune autour de ses questions d\u2019orientation : faire le point de la situation, clarifier les attentes et la demande, proposer les \u00e9tapes d&rsquo;un bilan en fonction de vos besoins.<\/span><\/p>\n<p><span style=\"color: #2e5aa6;\"><span style=\"color: #602b2b;\">Parents<\/span> :\u00a0vous souhaitez accompagner votre jeune dans cette p\u00e9riode de choix importante pour lui, vous souhaitez trouver un espace de dialogue avec lui sur son projet d&rsquo;orientation.\u00a0la question de l&rsquo;orientation peut \u00eatre source de tensions, de difficult\u00e9s de communication entre parents et jeunes ou entre parents \u00e9galement\u00a0 : incompr\u00e9hension, pression,\u00a0 des visions divergentes, des besoins diff\u00e9rents, des envies, des attentes qui s&rsquo;opposent parfois\u2026<\/span><\/p>\n<p><span style=\"color: #2e5aa6;\"><span style=\"color: #602b2b;\">Lyc\u00e9ens, \u00e9tudiants, jeunes sortis du syst\u00e8me scolaire, jeunes en questionnement sur un choix d&rsquo;orientation ou de r\u00e9orientation<\/span> : vous souhaitez y voir plus clair dans un choix ou des choix possibles d&rsquo;orientation , quelque soit votre situation du moment face \u00e0 l&rsquo;orientation je vous propose :<\/span><\/p>\n<h6><span style=\"color: #602b2b;\">Un bilan en 3 s\u00e9ances de 2h pour\u00a0 :<\/span><\/h6>\n<ul>\n<li><span style=\"color: #2e5aa6;\">explorer son parcours scolaire et le contexte de choix d&rsquo;orientation<\/span><\/li>\n<li><span style=\"color: #2e5aa6;\">\u00a0clarifier ses motivations\u00a0 et ses centres d&rsquo;int\u00e9r\u00eat<\/span>\n<ul>\n<li><span style=\"color: #2e5aa6;\">valeurs, besoins, envies\u2026 qu&rsquo;est ce qui vous pousse \u00e0 agir ?<\/span><\/li>\n<li><span style=\"color: #2e5aa6;\">aptitudes naturelles, modes d&rsquo;apprentissage et de fonctionnement, qualit\u00e9s, personnalit\u00e9.. quelles sont vos ressources naturelles ?<\/span><\/li>\n<li><span style=\"color: #2e5aa6;\">centres d&rsquo;int\u00e9r\u00eat&#8230;qu&rsquo;est ce que vous aimez faire ?<\/span><\/li>\n<li><span style=\"color: #2e5aa6;\">se projeter dans des environnements de m\u00e9tiers<\/span><\/li>\n<\/ul>\n<\/li>\n<li><span style=\"color: #2e5aa6;\">d\u00e9gager des domaines professionnels et explorer les m\u00e9tiers ou les fili\u00e8res possibles<\/span><\/li>\n<li><span style=\"color: #2e5aa6;\">explorer chaque piste m\u00e9tier et la confronter \u00e0 la r\u00e9alit\u00e9 et aux crit\u00e8res de choix : forces\/faiblesses<\/span><\/li>\n<li><span style=\"color: #2e5aa6;\">prioriser des choix de m\u00e9tiers coh\u00e9rents et r\u00e9alistes<\/span><\/li>\n<li><span style=\"color: #2e5aa6;\">rep\u00e9rer les diff\u00e9rentes fili\u00e8res d&rsquo;\u00e9tudes possibles<\/span><\/li>\n<li><span style=\"color: #2e5aa6;\">d\u00e9finir des explorations \u00e0 poursuivre pour affiner les choix, mettre en \u0153uvre votre projet<\/span><\/li>\n<\/ul>\n<p><span style=\"color: #602b2b;\">Les plus de mon approche :<\/span><\/p>\n<ul>\n<li><span style=\"color: #2e5aa6;\">la prise en compte du choix d&rsquo;orientation en lien avec le parcours personnel de chaque jeune et le contexte familial<\/span><\/li>\n<li><span style=\"color: #2e5aa6;\">la remise d&rsquo;un document de synth\u00e8se<\/span><\/li>\n<li><span style=\"color: #2e5aa6;\">la proposition d&rsquo;un entretien parents\/jeune pour \u00e9changer sur le projet d&rsquo;orientation<\/span><\/li>\n<\/ul>\n<p align=\"justify\"><span style=\"color: #602b2b;\">\u00a0Co\u00fbt du bilan : 390 \u20ac\u00a0<\/span><\/p>\n<p><span style=\"color: #602b2b;\">Des s\u00e9ances \u00e0 la carte : un accompagnement \u00e0 votre rythme, entre 4 et 6 s\u00e9ances\u00a0<\/span><span style=\"color: #602b2b;\">\u00a0120\u20ac 2h<\/span><\/p>\n<p><span style=\"color: #2e5aa6;\">Form\u00e9e \u00e0 la pratique du bilan d\u2019orientation jeune et du bilan de comp\u00e9tences par le Cabinet Semp\u00e9 au Mans, je dispose d&rsquo;outils pour explorer vos motivations, vos centres d&rsquo;int\u00e9r\u00eats et votre personnalit\u00e9.\u00a0 M\u00e9diatrice familiale D.E., je m&rsquo;appuie \u00e9galement sur cette pratique pour accueillir chaque jeune et ses parents.<\/span><\/p>\n<p><img loading=\"lazy\" decoding=\"async\" class=\"wp-image-775 aligncenter\" src=\"http:\/\/reliance49.fr\/wp-content\/uploads\/2022\/01\/IMG_4079-300x200.jpg\" alt=\"\" width=\"468\" height=\"312\" srcset=\"https:\/\/reliance49.fr\/wp-content\/uploads\/2022\/01\/IMG_4079-300x200.jpg 300w, https:\/\/reliance49.fr\/wp-content\/uploads\/2022\/01\/IMG_4079-1024x683.jpg 1024w, https:\/\/reliance49.fr\/wp-content\/uploads\/2022\/01\/IMG_4079-768x512.jpg 768w, https:\/\/reliance49.fr\/wp-content\/uploads\/2022\/01\/IMG_4079-1536x1024.jpg 1536w, https:\/\/reliance49.fr\/wp-content\/uploads\/2022\/01\/IMG_4079-2048x1365.jpg 2048w\" sizes=\"(max-width: 468px) 100vw, 468px\" \/><\/p>\n<h5>T\u00e9moignages :<\/h5>\n<p>01\/2025 B. 19 ans en r\u00e9orientation : \u00ab\u00a0Je suis aujourd&rsquo;hui beaucoup plus \u00e9clair\u00e9 et confiant concernant mes choix d&rsquo;orientations. J&rsquo;ai vraiment beaucoup appr\u00e9ci\u00e9 votre m\u00e9thode et votre contact qui m&rsquo;ont parfaitement convenu et aid\u00e9 dans ma r\u00e9flexion sur mon orientation\u00a0\u00bb<\/p>\n<p>01\/2025 N. 19 ans, en r\u00e9orientation : \u00ab\u00a0ce bilan m&rsquo;a apport\u00e9 de la confiance en moi, et une recherche de fili\u00e8re aboutie, et \u00e9galement apprendre \u00e0 se conna\u00eetre\u00a0\u00bb<\/p>\n<p>Marie, en terminale \u00ab\u00a0ces rencontres m&rsquo;ont permis de me d\u00e9couvrir, de me rendre compte de mes atouts . Ces rencontres m&rsquo;ont \u00e9clair\u00e9e\u00a0\u00bb<\/p>\n<p>Julie;\u00a0 en seconde :\u00a0\u00bbJ\u2019y vois plus clair dans ce que je veux faire, et\u00a0dans ce qu\u2019il me faut, ce dont j\u2019ai besoin pour mon futur m\u00e9tier\u00a0\u00bb<\/p>\n<pre>Marie-Pierre Dillenseger dans son livre \"Oser s'accomplir\" :<br \/>\" Le syst\u00e8me scolaire valorise l\u2019acquisition des comp\u00e9tences et non la reconnaissance des aptitudes naturelles, ni d\u2019explorer les talents individuels, les qualit\u00e9s attest\u00e9es de la personne. Plus nous alignons nos comp\u00e9tences sur nos aptitudes profondes, plus nous gagnons en coh\u00e9rence et en force d\u2019impact. Plus le plaisir de se r\u00e9aliser rejoint la satisfaction du savoir faire.\u00a0 Permettre \u00e0 un enfant de rep\u00e9rer ses centres d\u2019int\u00e9r\u00eats, ses territoires de pr\u00e9dilection et ses ressentis pr\u00e9coces , l\u2019\u00e9quipe \u00e0 la vie d\u2019un radar inestimable. Il saura rep\u00e9rer son chemin d\u2019accomplissement ou le retrouver s\u2019il s\u2019en \u00e9loigne sous la pression sociale ou maritale\"<\/pre>\n\n<div class=\"frm_forms  with_frm_style frm_style_style-formidable\" id=\"frm_form_1_container\" >\n<form enctype=\"multipart\/form-data\" method=\"post\" class=\"frm-show-form \" id=\"form_contact-form\"  >\n<div class=\"frm_form_fields \">\n<fieldset>\n<legend class=\"frm_screen_reader\">Me Contacter<\/legend>\r\n<h3 class=\"frm_form_title\">Me Contacter<\/h3>\r\n<div class=\"frm_fields_container\">\n<input type=\"hidden\" name=\"frm_action\" value=\"create\" \/>\n<input type=\"hidden\" name=\"form_id\" value=\"1\" \/>\n<input type=\"hidden\" name=\"frm_hide_fields_1\" id=\"frm_hide_fields_1\" value=\"\" \/>\n<input type=\"hidden\" name=\"form_key\" value=\"contact-form\" \/>\n<input type=\"hidden\" name=\"item_meta[0]\" value=\"\" \/>\n<input type=\"hidden\" id=\"frm_submit_entry_1\" name=\"frm_submit_entry_1\" value=\"1751f61916\" \/><input type=\"hidden\" name=\"_wp_http_referer\" value=\"\/index.php?rest_route=%2Fwp%2Fv2%2Fpages%2F408\" \/><div id=\"frm_field_1_container\" class=\"frm_form_field form-field  frm_required_field frm_top_container frm_first frm_half\">\r\n\t<label for=\"field_qh4icy\" id=\"field_qh4icy_label\" class=\"frm_primary_label\">\r\n\t\t<span class=\"frm_required\" aria-hidden=\"true\">*<\/span>\r\n\t<\/label>\r\n\t<input type=\"text\" id=\"field_qh4icy\" name=\"item_meta[1]\" value=\"\"  placeholder=\"Pr\u00e9nom\" data-reqmsg=\"Ce champ ne peut pas \u00eatre vide.\" aria-required=\"true\" data-invmsg=\"Ce champ est non valide\" aria-invalid=\"false\"   aria-describedby=\"frm_desc_field_qh4icy\"\/>\r\n\t<div class=\"frm_description\" id=\"frm_desc_field_qh4icy\">\r\n<\/div>\r\n\t\r\n<\/div>\n<div id=\"frm_field_2_container\" class=\"frm_form_field form-field  frm_required_field frm_hidden_container frm_half\">\r\n\t<label for=\"field_ocfup1\" id=\"field_ocfup1_label\" class=\"frm_primary_label\">\r\n\t\t<span class=\"frm_required\" aria-hidden=\"true\">*<\/span>\r\n\t<\/label>\r\n\t<input type=\"text\" id=\"field_ocfup1\" name=\"item_meta[2]\" value=\"\"  placeholder=\"Nom\" data-reqmsg=\"Ce champ ne peut pas \u00eatre vide.\" aria-required=\"true\" data-invmsg=\"Ce champ est non valide\" aria-invalid=\"false\"  \/>\r\n\t\r\n\t\r\n<\/div>\n<div id=\"frm_field_3_container\" class=\"frm_form_field form-field  frm_required_field frm_top_container frm_full\">\r\n\t<label for=\"field_29yf4d\" id=\"field_29yf4d_label\" class=\"frm_primary_label\">\r\n\t\t<span class=\"frm_required\" aria-hidden=\"true\">*<\/span>\r\n\t<\/label>\r\n\t<input type=\"email\" id=\"field_29yf4d\" name=\"item_meta[3]\" value=\"\"  placeholder=\"Adresse mail\" data-reqmsg=\"Ce champ ne peut pas \u00eatre vide.\" aria-required=\"true\" data-invmsg=\"Please enter a valid email address\" aria-invalid=\"false\"  \/>\r\n\t\r\n\t\r\n<\/div>\n<div id=\"frm_field_7_container\" class=\"frm_form_field form-field  frm_top_container\">\r\n\t<label for=\"field_xtft1\" id=\"field_xtft1_label\" class=\"frm_primary_label\">\r\n\t\t<span class=\"frm_required\" aria-hidden=\"true\"><\/span>\r\n\t<\/label>\r\n\t<input type=\"tel\" id=\"field_xtft1\" name=\"item_meta[7]\" value=\"\"  placeholder=\"T\u00e9l\u00e9phone (Optionnel)\" data-invmsg=\"Ce champ est non valide\" aria-invalid=\"false\" pattern=\"((\\+\\d{1,3}(-|.| )?\\(?\\d\\)?(-| |.)?\\d{1,5})|(\\(?\\d{2,6}\\)?))(-|.| )?(\\d{3,4})(-|.| )?(\\d{4})(( x| ext)\\d{1,5}){0,1}$\"  \/>\r\n\t\r\n\t\r\n<\/div>\n<div id=\"frm_field_4_container\" class=\"frm_form_field form-field  frm_required_field frm_top_container frm_full\">\r\n\t<label for=\"field_e6lis6\" id=\"field_e6lis6_label\" class=\"frm_primary_label\">\r\n\t\t<span class=\"frm_required\" aria-hidden=\"true\">*<\/span>\r\n\t<\/label>\r\n\t<input type=\"text\" id=\"field_e6lis6\" name=\"item_meta[4]\" value=\"\"  placeholder=\"Objet\" data-reqmsg=\"Ce champ ne peut pas \u00eatre vide.\" aria-required=\"true\" data-invmsg=\"Ce champ est non valide\" aria-invalid=\"false\"  \/>\r\n\t\r\n\t\r\n<\/div>\n<div id=\"frm_field_5_container\" class=\"frm_form_field form-field  frm_required_field frm_top_container frm_full\">\r\n\t<label for=\"field_9jv0r1\" id=\"field_9jv0r1_label\" class=\"frm_primary_label\">\r\n\t\t<span class=\"frm_required\" aria-hidden=\"true\">*<\/span>\r\n\t<\/label>\r\n\t<textarea name=\"item_meta[5]\" id=\"field_9jv0r1\" rows=\"5\"  placeholder=\"Tapez ici...\" data-reqmsg=\"Ce champ ne peut pas \u00eatre vide.\" aria-required=\"true\" data-invmsg=\"Ce champ est non valide\" aria-invalid=\"false\"  ><\/textarea>\r\n\t\r\n\t\r\n<\/div>\n<div id=\"frm_field_6_container\" class=\"frm_form_field form-field  frm_half\">\r\n\t<div class=\"frm_submit frm_flex\">\r\n<button class=\"frm_button_submit\" type=\"submit\"  >Envoyer<\/button>\r\n\r\n\r\n\r\n<\/div>\r\n<\/div>\n\t<input type=\"hidden\" name=\"item_key\" value=\"\" \/>\n\t\t\t\t<div class=\"frm__6687056ca84d5\">\n\t\t\t\t<label for=\"frm_email_1\" >\n\t\t\t\t\tSi vous \u00eates un humain, ne remplissez pas ce champ.\t\t\t\t<\/label>\n\t\t\t\t<input  id=\"frm_email_1\" type=\"text\" class=\"frm_verify\" name=\"frm__6687056ca84d5\" value=\"\" autocomplete=\"off\"  \/>\n\t\t\t<\/div>\n\t\t<\/div>\n<\/fieldset>\n<\/div>\n<\/form>\n<\/div>\n","protected":false},"excerpt":{"rendered":"<p>La d\u00e9marche du bilan d\u2019orientation\u00a0que je propose s\u2019appuie sur la m\u00e9thode R\u00e9flexive qui invite chaque jeune \u00e0 l\u2019analyse, la r\u00e9flexion, \u00e0 se projeter, \u00e0 d\u00e9velopper sa capacit\u00e9 d\u2019agir. Elle n\u00e9cessite l\u2019implication pleine et enti\u00e8re de la personne. Mon r\u00f4le est d\u2019accompagner et de soutenir chaque jeune pour qu\u2019il puisse faire ses propres choix de fa\u00e7on &hellip; <a href=\"https:\/\/reliance49.fr\/?page_id=408\" class=\"more-link\">Continuer la lecture de <span class=\"screen-reader-text\">Bilan d&rsquo;Orientation jeune<\/span> <span class=\"meta-nav\">&rarr;<\/span><\/a><\/p>\n","protected":false},"author":1,"featured_media":1233,"parent":0,"menu_order":1,"comment_status":"closed","ping_status":"closed","template":"","meta":{"footnotes":""},"yoast_head":"<!-- This site is optimized with the Yoast SEO plugin v17.1 - https:\/\/yoast.com\/wordpress\/plugins\/seo\/ -->\n<meta name=\"description\" content=\"Bilan d&#039;orientation scolaire pour les lyc\u00e9ens et \u00e9tudiants. Sortis du syst\u00e8me scolaire, je vous propose de travailler votre r\u00e9orientation.\" \/>\n<meta name=\"robots\" content=\"index, follow, max-snippet:-1, max-image-preview:large, max-video-preview:-1\" \/>\n<link rel=\"canonical\" href=\"https:\/\/reliance49.fr\/?page_id=408\" \/>\n<meta property=\"og:locale\" content=\"fr_FR\" \/>\n<meta property=\"og:type\" content=\"article\" \/>\n<meta property=\"og:title\" content=\"Bilan d&#039;orientation jeune - orientation scolaire - Angers\" \/>\n<meta property=\"og:description\" content=\"Bilan d&#039;orientation scolaire pour les lyc\u00e9ens et \u00e9tudiants. Sortis du syst\u00e8me scolaire, je vous propose de travailler votre r\u00e9orientation.\" \/>\n<meta property=\"og:url\" content=\"https:\/\/reliance49.fr\/?page_id=408\" \/>\n<meta property=\"og:site_name\" content=\"reliance49\" \/>\n<meta property=\"article:modified_time\" content=\"2026-02-16T10:42:13+00:00\" \/>\n<meta property=\"og:image\" content=\"http:\/\/reliance49.fr\/wp-content\/uploads\/2024\/07\/cropped-Favicon_512x512.png\" \/>\n\t<meta property=\"og:image:width\" content=\"512\" \/>\n\t<meta property=\"og:image:height\" content=\"512\" \/>\n<meta name=\"twitter:card\" content=\"summary_large_image\" \/>\n<meta name=\"twitter:label1\" content=\"Dur\u00e9e de lecture est.\" \/>\n\t<meta name=\"twitter:data1\" content=\"4 minutes\" \/>\n<script type=\"application\/ld+json\" class=\"yoast-schema-graph\">{\"@context\":\"https:\/\/schema.org\",\"@graph\":[{\"@type\":\"WebSite\",\"@id\":\"https:\/\/reliance49.fr\/#website\",\"url\":\"https:\/\/reliance49.fr\/\",\"name\":\"reliance49\",\"description\":\"orientation scolaire et professionnelle \",\"potentialAction\":[{\"@type\":\"SearchAction\",\"target\":{\"@type\":\"EntryPoint\",\"urlTemplate\":\"https:\/\/reliance49.fr\/?s={search_term_string}\"},\"query-input\":\"required name=search_term_string\"}],\"inLanguage\":\"fr-FR\"},{\"@type\":\"ImageObject\",\"@id\":\"https:\/\/reliance49.fr\/?page_id=408#primaryimage\",\"inLanguage\":\"fr-FR\",\"url\":\"https:\/\/reliance49.fr\/wp-content\/uploads\/2024\/07\/cropped-Favicon_512x512.png\",\"contentUrl\":\"https:\/\/reliance49.fr\/wp-content\/uploads\/2024\/07\/cropped-Favicon_512x512.png\",\"width\":512,\"height\":512},{\"@type\":\"WebPage\",\"@id\":\"https:\/\/reliance49.fr\/?page_id=408#webpage\",\"url\":\"https:\/\/reliance49.fr\/?page_id=408\",\"name\":\"Bilan d'orientation jeune - orientation scolaire - Angers\",\"isPartOf\":{\"@id\":\"https:\/\/reliance49.fr\/#website\"},\"primaryImageOfPage\":{\"@id\":\"https:\/\/reliance49.fr\/?page_id=408#primaryimage\"},\"datePublished\":\"2020-09-10T13:35:12+00:00\",\"dateModified\":\"2026-02-16T10:42:13+00:00\",\"description\":\"Bilan d'orientation scolaire pour les lyc\\u00e9ens et \\u00e9tudiants. Sortis du syst\\u00e8me scolaire, je vous propose de travailler votre r\\u00e9orientation.\",\"breadcrumb\":{\"@id\":\"https:\/\/reliance49.fr\/?page_id=408#breadcrumb\"},\"inLanguage\":\"fr-FR\",\"potentialAction\":[{\"@type\":\"ReadAction\",\"target\":[\"https:\/\/reliance49.fr\/?page_id=408\"]}]},{\"@type\":\"BreadcrumbList\",\"@id\":\"https:\/\/reliance49.fr\/?page_id=408#breadcrumb\",\"itemListElement\":[{\"@type\":\"ListItem\",\"position\":1,\"name\":\"Accueil\",\"item\":\"https:\/\/reliance49.fr\/\"},{\"@type\":\"ListItem\",\"position\":2,\"name\":\"Bilan d&rsquo;Orientation jeune\"}]}]}<\/script>\n<!-- \/ Yoast SEO plugin. -->","yoast_head_json":{"description":"Bilan d'orientation scolaire pour les lyc\u00e9ens et \u00e9tudiants. Sortis du syst\u00e8me scolaire, je vous propose de travailler votre r\u00e9orientation.","robots":{"index":"index","follow":"follow","max-snippet":"max-snippet:-1","max-image-preview":"max-image-preview:large","max-video-preview":"max-video-preview:-1"},"canonical":"https:\/\/reliance49.fr\/?page_id=408","og_locale":"fr_FR","og_type":"article","og_title":"Bilan d'orientation jeune - orientation scolaire - Angers","og_description":"Bilan d'orientation scolaire pour les lyc\u00e9ens et \u00e9tudiants. Sortis du syst\u00e8me scolaire, je vous propose de travailler votre r\u00e9orientation.","og_url":"https:\/\/reliance49.fr\/?page_id=408","og_site_name":"reliance49","article_modified_time":"2026-02-16T10:42:13+00:00","og_image":[{"width":512,"height":512,"filesize":14812,"url":"http:\/\/reliance49.fr\/wp-content\/uploads\/2024\/07\/cropped-Favicon_512x512.png","path":"\/home\/reliancebp\/www\/wp-content\/uploads\/2024\/07\/cropped-Favicon_512x512.png","size":"full","id":1233,"alt":"","pixels":262144,"type":"image\/png"}],"twitter_card":"summary_large_image","twitter_misc":{"Dur\u00e9e de lecture est.":"4 minutes"},"schema":{"@context":"https:\/\/schema.org","@graph":[{"@type":"WebSite","@id":"https:\/\/reliance49.fr\/#website","url":"https:\/\/reliance49.fr\/","name":"reliance49","description":"orientation scolaire et professionnelle ","potentialAction":[{"@type":"SearchAction","target":{"@type":"EntryPoint","urlTemplate":"https:\/\/reliance49.fr\/?s={search_term_string}"},"query-input":"required name=search_term_string"}],"inLanguage":"fr-FR"},{"@type":"ImageObject","@id":"https:\/\/reliance49.fr\/?page_id=408#primaryimage","inLanguage":"fr-FR","url":"https:\/\/reliance49.fr\/wp-content\/uploads\/2024\/07\/cropped-Favicon_512x512.png","contentUrl":"https:\/\/reliance49.fr\/wp-content\/uploads\/2024\/07\/cropped-Favicon_512x512.png","width":512,"height":512},{"@type":"WebPage","@id":"https:\/\/reliance49.fr\/?page_id=408#webpage","url":"https:\/\/reliance49.fr\/?page_id=408","name":"Bilan d'orientation jeune - orientation scolaire - Angers","isPartOf":{"@id":"https:\/\/reliance49.fr\/#website"},"primaryImageOfPage":{"@id":"https:\/\/reliance49.fr\/?page_id=408#primaryimage"},"datePublished":"2020-09-10T13:35:12+00:00","dateModified":"2026-02-16T10:42:13+00:00","description":"Bilan d'orientation scolaire pour les lyc\u00e9ens et \u00e9tudiants. Sortis du syst\u00e8me scolaire, je vous propose de travailler votre r\u00e9orientation.","breadcrumb":{"@id":"https:\/\/reliance49.fr\/?page_id=408#breadcrumb"},"inLanguage":"fr-FR","potentialAction":[{"@type":"ReadAction","target":["https:\/\/reliance49.fr\/?page_id=408"]}]},{"@type":"BreadcrumbList","@id":"https:\/\/reliance49.fr\/?page_id=408#breadcrumb","itemListElement":[{"@type":"ListItem","position":1,"name":"Accueil","item":"https:\/\/reliance49.fr\/"},{"@type":"ListItem","position":2,"name":"Bilan d&rsquo;Orientation jeune"}]}]}},"_links":{"self":[{"href":"https:\/\/reliance49.fr\/index.php?rest_route=\/wp\/v2\/pages\/408"}],"collection":[{"href":"https:\/\/reliance49.fr\/index.php?rest_route=\/wp\/v2\/pages"}],"about":[{"href":"https:\/\/reliance49.fr\/index.php?rest_route=\/wp\/v2\/types\/page"}],"author":[{"embeddable":true,"href":"https:\/\/reliance49.fr\/index.php?rest_route=\/wp\/v2\/users\/1"}],"replies":[{"embeddable":true,"href":"https:\/\/reliance49.fr\/index.php?rest_route=%2Fwp%2Fv2%2Fcomments&post=408"}],"version-history":[{"count":115,"href":"https:\/\/reliance49.fr\/index.php?rest_route=\/wp\/v2\/pages\/408\/revisions"}],"predecessor-version":[{"id":1689,"href":"https:\/\/reliance49.fr\/index.php?rest_route=\/wp\/v2\/pages\/408\/revisions\/1689"}],"wp:featuredmedia":[{"embeddable":true,"href":"https:\/\/reliance49.fr\/index.php?rest_route=\/wp\/v2\/media\/1233"}],"wp:attachment":[{"href":"https:\/\/reliance49.fr\/index.php?rest_route=%2Fwp%2Fv2%2Fmedia&parent=408"}],"curies":[{"name":"wp","href":"https:\/\/api.w.org\/{rel}","templated":true}]}}